{"version":"1.0","provider_name":"Ember","provider_url":"https:\/\/ember.cafeblog.hu","author_name":"Ginger Rose","author_url":"https:\/\/ember.cafeblog.hu\/author\/ginger_rose\/","title":"Kir\u00e1lyl\u00e1ny, aki elt\u00e9vedt a Himal\u00e1j\u00e1n 2.","html":"<h3 style=\"text-align: justify\">Mindenki nagyon \u00f6r\u00fclt a g\u00f3lyah\u00edrnek \u2013 \u00e9n meg n\u00e9ztem \u0151ket, hogy m\u00e9gis mi a j\u00f3 fen\u00e9nek \u00f6r\u00fclnek? De mindegy is, biztos jobban tudj\u00e1k. B\u00e1r volt egy sanda gyan\u00fam, hogy kibicnek semmi se dr\u00e1ga, de elhessegettem. Hisz annyi j\u00f3 ember van a vil\u00e1gon\u2026. Peregtek a napok, j\u00f6tt a k\u00f6lt\u00f6z\u00e9s, pakolni, dobozolni kellett. \u00c1llapotosan. J\u00f3 m\u00f3ka volt. De nekem sim\u00e1n ment ez is. Mit nekem n\u00e9mi baba a pociba.<\/h3>\r\n<p style=\"text-align: justify\">\u00a0<\/p>\r\n<p style=\"text-align: justify\">Chapter 2.<\/p>\r\n<p style=\"text-align: justify\">Az otthon birtokba v\u00e9tele<\/p>\r\n<p style=\"text-align: justify\">\u00a0<img class=\"alignnone  wp-image-48\" src=\"https:\/\/ember.cafeblog.hu\/files\/2017\/07\/stork-feather-bird-animals-66286-300x200.jpg\" alt=\"\" width=\"399\" height=\"266\" \/><\/p>\r\n<p style=\"text-align: justify\"><strong>\u00d6r\u00f6mittasan vett\u00fck birtokba csal\u00e1di h\u00e1zunkat<\/strong>, akkor m\u00e1r 3 h\u00f3napos terhes voltam. Minden csitti fitti, picit kifutottunk a p\u00e9nz keretb\u0151l, de szerencs\u00e9re mindig j\u00f6tt is hozz\u00e1, csak sz\u0171k\u00f6sebben \u00edgy, hogy \u00e9n \u00e9ppen nem dolgoztam. Mondhatom nagy \u00f6tlet volt \u00fagy teherbe esni, hogy nincs munkahelyed. Na de <strong>f\u00e9rjem nyugtatott, hogy majd \u0150 megold mindent<\/strong>. Aha\u2026.. megoldotta. Nem kicsit. Csak \u00e9n m\u00e1shogy gondoltam. Megint \u00e1tvert a vil\u00e1g.<\/p>\r\n<p style=\"text-align: justify\">Viszont volt sz\u00e9p h\u00e1zunk, hozz\u00e1 zsebkend\u0151nyi kert\u00fcnk cirka egy mill\u00e1b\u00f3l. M\u00e1rmint a kert. Ez nem nagy dolog, a kert volt kicsi\u2026 gyereknek j\u00f3 lesz. Volt p\u00e1r szikla is, meg kis m\u00e9rgez\u0151 magyal\u2026 nem baj, az \u00e9n fiam okos lesz! Vigy\u00e1zz mit k\u00edv\u00e1nsz\u2026<\/p>\r\n<p style=\"text-align: justify\">Okt\u00f3berben <strong>megj\u00f6tt dr\u00e1ga sz\u00e9p fiunk<\/strong>. Oh, a sz\u00fcl\u00e9s picit hossz\u00fa volt. Huszonk\u00e9t \u00f3ra. Azt hittem lefejelem az \u00fcgyeletes orvost \u00e9jf\u00e9l ut\u00e1n egy perccel, mikor sz\u00e9les mosollyal k\u00f6z\u00f6lte: \u201eEbb\u0151l ma baba lesz!\u201d M\u00e9g volt bel\u0151le ugye huszonh\u00e1rom \u00f3ra 58 perc! Majdnem ki is h\u00faztam 3 perces f\u00e1j\u00e1sokkal. J\u00f3 volt csendben vaj\u00fadni pr\u00f3b\u00e1lni a m\u00e1snapi cs\u00e1sz\u00e1rosok szob\u00e1j\u00e1ban. Pr\u00f3b\u00e1ltam \u0151ket hagyni aludni. Nem siker\u00fclt t\u00fal j\u00f3l. M\u00e1r tudtam milyen az, ha a macska falra m\u00e1szik. \u00c9n is m\u00e1sztam volna, ha van karmom. Kapartam a csemp\u00e9t. De el\u0151tte k\u00e9t f\u00e1j\u00e1s k\u00f6z\u00f6tt fert\u0151tlen\u00edt\u0151 kend\u0151vel le kellett t\u00f6r\u00f6ln\u00f6m, mert els\u0151re oda ragadtam. El\u0151fordul no, de \u00e9n erre is gondoltam. Okos le\u00e1ny vagyok! Ennyit a term\u00e9szetes sz\u00fcl\u00e9sr\u0151l. Na j\u00f3, siker\u00fclt term\u00e9szetesen, de EDA-val (<em>epidur\u00e1lis \u00e9rz\u00e9stelen\u00edt\u00e9s<\/em>). Amit nem akartam, de olyan f\u00e1radt voltam, hogy kellett. Viszont<strong> csoda cuki eg\u00e9szs\u00e9ges fi\u00facska sz\u00fcletett<\/strong>.<\/p>\r\n<p style=\"text-align: justify\">Az\u00e9rt sok orvosos sorozatot ne n\u00e9zz miel\u0151tt sz\u00fcln\u00e9l! Mert mikor meghallod, hogy: \u201eoxitocin \u00e1llj, epinefrin\u201d egyb\u0151l tudod mi van, vagy \u00e9ppen mi nincs. Nem j\u00f3 ezt a sz\u00fcl\u0151szob\u00e1n \u00fagy hallani, hogy te fekszel \u00e9s nem n\u00e9zel.<strong> \u00c9s akkor m\u00e9g nyolc \u00f3ra kifekv\u00e9s, EDA, oxig\u00e9nez\u00e9s, inf\u00fazi\u00f3, v\u00e9gre megsz\u00fcl\u00e9s ut\u00e1n azt mondja a sz\u00fcl\u00e9szn\u0151, hogy \u00e1llj fel<\/strong>, na az a tuti tuti. A l\u00e1bam akkora volt, mintha valaki sutyiba elef\u00e1nt l\u00e1bakat hekkelt volna az eny\u00e9mek hely\u00e9re. \u00c9rezni semmit nem \u00e9reztem bel\u0151l\u00fck, nemhogy r\u00e1juk \u00e1llni. Ki tud \u00fagy l\u00e1bra \u00e1llni, hogy nem is ismeri \u0151ket? Egyb\u0151l meg\u00e9rtettem a mozg\u00e1ss\u00e9r\u00fclteket. Ez\u00faton is minden tiszteletem nekik!<\/p>\r\n<p style=\"text-align: justify\">Miut\u00e1n \u00e1temeltek a tol\u00f3kocsira, az\u00e9rt boldogan fek\u00fcdtem le v\u00e9gre aludni. Reggelig. Mert akkor j\u00f6tt az els\u0151 b\u00f6mb\u00f6l\u0151s sokkom, hogy nem lehet n\u00e1lam a fiam, mert hogy \u00e9n meg voltam f\u00e1zva \u00e9s a v\u00e9r\u00e9b\u0151l kimutattak valamit, ez\u00e9rt <strong>azonnal megkezdt\u00e9k az antibiotikum ad\u00e1s\u00e1t<\/strong>.<\/p>\r\n<p style=\"text-align: justify\">Zokogtam. Megk\u00e9rdeztek engem? Nem. Al\u00e1\u00edrtam valamit, ami feljogos\u00edtja \u0151ket erre. Megakad\u00e1lyoztam volna? Nem. Fogalmam sem volt arr\u00f3l, mi j\u00f3 vagy mi nem, \u00e9s ennek milyen k\u00f6vetkezm\u00e9nyei lehetnek. Akkor m\u00e9g nem volt\u2026<\/p>\r\n<p style=\"text-align: justify\">Maszkot kellett hordanom. Az arcomb\u00f3l azt a z\u00f6ld cs\u00edkot l\u00e1tta, m\u00e1r amennyit bel\u0151lem l\u00e1tott a dr\u00e1g\u00e1m. Rem\u00e9ltem nem lesz valami fura f\u00e9tise ett\u0151l, ha feln\u0151.<\/p>\r\n<p style=\"text-align: justify\">Az k\u00fcl\u00f6n j\u00f3 volt, frissen sz\u00fclten k\u00f6h\u00f6gni, pr\u00fcszk\u00f6lni\u2026 no a hasam hamar vissza is lapult. M\u00e1s t\u00e1j\u00e9kokon nem volt annyira cool az \u00e9rz\u00e9s.<\/p>\r\n<p style=\"text-align: justify\">A m\u00f3k\u00e1s az volt - ezen m\u00e1r konkr\u00e9tan r\u00f6h\u00f6gtem - hogy 2. nap kitolta <strong>a csecsem\u0151s n\u0151v\u00e9r a bab\u00e1mat, hogy \u0151k bizony nem tudnak vele mit kezdeni, \u00e1lland\u00f3an s\u00edr \u00e9s felveri a t\u00f6bbieket \u00e9s kezdjek vele valamit.<\/strong> Miiiii? \u00c9n? <strong>\u00c9n egy napja vagyok anya!<\/strong> Azt se tudom mi az! Maga meg t\u00f6bb sz\u00e1z vagy ezer bab\u00e1t l\u00e1tott m\u00e1r, most miiii vaaan?!?!<\/p>\r\n<p style=\"text-align: justify\">Ja, hogy itt m\u00e1r sejthettem volna valamit\u2026 oh neeeem. Nem sejtettem \u00e9n semmit. Oldalra ford\u00edtottam a dr\u00e1g\u00e1mat \u00e9s egyb\u0151l elaludt. Remek! Hasf\u00e1j\u00f3s. Na, akkor m\u00e9g annyira nem tudtam mi az, de az antibiotikum miatt nem lep\u0151dtem meg. Olvasok \u00e9n k\u00f6nyvet! Akkori f\u00e9rjem szerint t\u00fal sokat is.<\/p>\r\n<p style=\"text-align: justify\">Alig v\u00e1rtam, hogy kiker\u00fclj\u00fcnk onnan. Rem\u00e9ltem otthon majd minden rendbe j\u00f6n \u00e9s csak a k\u00f3rh\u00e1zban voltam ennyire balszerencs\u00e9s k\u00e1rtya leoszt\u00e1sban. Biztos van ott valami a leveg\u0151ben vagy ilyesmi\u2026<\/p>\r\n<p style=\"text-align: justify\">Kir\u00e1lyl\u00e1ny t\u00e9vedett. Megint. Valahogy elindult a Himal\u00e1j\u00e1ra \u00fagy hogy nem is tudta, hogy l\u00e9tezik az a hegy, arr\u00f3l meg azt\u00e1n v\u00e9gk\u00e9pp fogalma sem volt, hogy \u201ebevehetetlen\u201d \u00e9s j\u00e1rt \u00fat oda nem visz. Felk\u00e9sz\u00fclve meg azt\u00e1n tot\u00e1lisan nem volt.<\/p>\r\n<p style=\"text-align: justify\">\u00a0<\/p>\r\n<p style=\"text-align: justify\"><em>K\u00f6vetkez\u0151 r\u00e9szben: Eur\u00e1zsiai vonat\u00fat indul. Felk\u00e9sz\u00fcl\u00e9s, vigy\u00e1zz(!), k\u00e9sz(?), raaajt\u2026..<\/em><\/p>","type":"rich","thumbnail_url":"https:\/\/ember.cafeblog.hu\/files\/2017\/07\/stork-feather-bird-animals-66286-150x150.jpg","thumbnail_width":150,"thumbnail_height":150}